{"version":"1.0","provider_name":"Kalandpr\u00f3ba D\u00e1ni\u00e1ban","provider_url":"https:\/\/kalandprobadaniaban.cafeblog.hu","author_name":"Blazsofka83","author_url":"https:\/\/kalandprobadaniaban.cafeblog.hu\/author\/blazsofka83\/","title":"2 h\u00e9t (k\u00e9\u00e9\u00e9\u00e9t h\u00e9\u00e9\u00e9\u00e9t)","html":"8:25<br \/><br \/><div>Kasia lenne a negyedik ember a takar\u00edt\u00f3brig\u00e1dban. Illet\u0151leg nem lenne, hanem \u0151 a negyedik ember, aki magasr\u00f3l tesz mindenkire \u00e9s leesne az aranygy\u0171r\u0171 a kicsi kacs\u00f3j\u00e1r\u00f3l, ha meg kellene mozd\u00edtania a zs\u00edros \u00fclep\u00e9t \u00e9s tenni valami \u00e9rtelmes dolgot is azzal az eltunyult test\u00e9vel.&nbsp;<\/div><div>Mikor meg\u00e9rkezett m\u00e9g teljesen norm\u00e1lis ember benyom\u00e1s\u00e1t keltette, azt\u00e1n nagyon hamar kimutatta a foga feh\u00e9rj\u00e9t. <\/div><div><br \/><\/div><div>Ty\u0171\u0171, de nagyon nehezen keltem fel! A mobilomat, ami egyre \u00e9rdekesebb dolgokat csin\u00e1l, be\u00e1ll\u00edtottam 7:05-re, de \u00e9n magamt\u00f3l \u00e9bredettem 7:04-kor. Lenyomtam, nehogy Luca erre \u00e9bredjen fel \u00e9s l\u00e1mpavil\u00e1g n\u00e9lk\u00fcl elk\u00e9sz\u00fcltem. M\u00e9g mindig nem vagyok eg\u00e9szen j\u00f3l...<\/div><div><br \/><\/div><div>Valamelyik nap vacsora el\u0151tt k\u00e9t d\u00e1n l\u00e1ny (az egyik Marikka volt) n\u00e9zegett\u00e9k a m\u00e1r leadott fot\u00f3kat. Gondoltam, milyen vicces lenne, ha a k\u00f6vetkez\u0151, az \u00e9n fot\u00f3m lenne a kez\u00fckben. T\u00e9nyleg az volt.<\/div><div><br \/><\/div><div>Ha minden igaz, ma megkapom n\u00e9h\u00e1ny ker\u00e1mi\u00e1mat az els\u0151 \u00e9get\u00e9se ut\u00e1n. J\u00f6het r\u00e1 a glaz\u00far \u00e9s vissza megint \u00e9getni. A tegnapi nap folyam\u00e1n m\u00e1r az \u00fajakat is oda tettem arra a polcra, ahonnan majd mennek a kemenc\u00e9be a m\u0171veim. \u0150k m\u00e9g csak az els\u0151 \u00e9get\u00e9sre. Az utols\u00f3 napra, 10-re \u00e9ppen elk\u00e9sz\u00fcl minden :)!&nbsp;<\/div><div><br \/><\/div><div>Az utols\u00f3 5 napban m\u00e1r nem edzem, mert 5-\u00e9n mosnom kell, hogy 7-re minden megsz\u00e1radjon \u00e9s el tudjam pakolni a dolgokat. Le is kell m\u00e9rnem a pakkokat, mert otthon tudni kell az esetleges t\u00fals\u00falyr\u00f3l, ami persze nem lesz, de jobb f\u00e9lni, mint megijedni ott helyben a rept\u00e9r csekkol\u00f3 pultja el\u0151tt.<br \/><br \/>8:55<br \/><br \/><u><span style=\"font-size: small\"><b>Egy h\u00f3napja ilyenkor a koppenh\u00e1gai rept\u00e9ren v\u00e1rtam a g\u00e9pemre.<\/b><\/span><\/u> Illetve arra, hogy v\u00e9gre ki\u00edrj\u00e1k, hogy honnan indolul. M\u00e9g sokat kellett v\u00e1rni r\u00e1...<br \/><br \/>13:51<br \/><br \/>Luca nem tudom, mi okb\u00f3l, de kih\u00fazkodja a konnektorb\u00f3l hol a laptopomat, hol a l\u00e1mp\u00e1t. Az ut\u00f3bbi nem izgat k\u00fcl\u00f6nsk\u00e9ppen.<br \/><br \/>M\u00e1s. Nem lesz t\u00f6bb k\u00e9t \u00f3r\u00e1s morningsamling, am\u00edg itt vagyok!!! Ezen <b>a h\u00e9ten szerd\u00e1n, p\u00e9nteki \u00f3rarenddel haladunk<\/b>, mert p\u00e9nteken ugye, Aarhusba megy\u00fcnk d\u00e9lel\u0151tt. G\u0151z\u00f6m sincs, mi \u00fcthetett Jacobba, de \u00e9n az\u00e9rt \u00fcr\u00fcl\u00f6k, mert p\u00e9nteken alig van \u00f3r\u00e1m. Eb\u00e9d ut\u00e1n pedig egyenesen semmilyen \u00f3r\u00e1m nincs! Rem\u00e9lem, hogy ett\u0151l f\u00fcggetlen\u00fcl a konditerembe le tudok menni, szabad lesz a \"g\u00e9pem\"! Szerda, ide vagy oda a p\u00e9nteki \u00f3rarenddel.<br \/><br \/>Hopp\u00e1! Most jut csak eszembe, nincs t\u00f6bb gyilkos torna se, mert most szerd\u00e1n p\u00e9ntek lesz, j\u00f6v\u0151h\u00e9ten szerd\u00e1n pedig nem lesz semmilyen \u00f3r\u00e1m sem. Ez viszont egy\u00fattal azt is jelenti (most kaj\u00e1n vigyor terpeszkedik a k\u00e9pemen), hogy Eriket m\u00e1r csak k\u00e9t alkalommal kell elviselnem \u00e9s Maria \u00f3r\u00e1j\u00e1ra sem kell soha t\u00f6bbet be\u00fcln\u00f6m. Erikhez is csak az Eur\u00f3pai tanulm\u00e1nyukra \u00e9s nem a d\u00e1n politik\u00e1ra. Ami nem is a d\u00e1n politik\u00e1r\u00f3l sz\u00f3l \u00e9s az is angol nyelven. Tov\u00e1bb\u00e1, ha holnap m\u00e9g esz\u00e9be jutna, hogy feladjon valami h\u00e1zit egy \u00fajabb b\u0151d\u00fcletesen emelkedett t\u00e9m\u00e1val kapcsolatban \u00e9s \u00e9n azt nem csin\u00e1ln\u00e1m meg, m\u00e1r ahhoz sem tudna mit sz\u00f3lni, mert december 11-\u00e9n,<u> abban az id\u0151ben, amikor a t\u00f6bbi nemzetk\u00f6zi az \u0151 nyamvadt \u00f3r\u00e1j\u00e1n unatkozik \u00e9s a fej\u00e9t t\u00e1masztja, \u00e9n \u00e9ppen felsz\u00e1llok a 10:35-kor indul\u00f3 g\u00e9ppel, \u00e9s meg sem \u00e1llok Budapestig!!!! <b>\u00d6r\u00f6m \u00e9s boldogs\u00e1g!!!!&nbsp;<\/b><\/u><br \/><br \/><u><b>&nbsp;<\/b>Ty\u0171\u0171, az semmi!!! Mire kij\u00f6nnek az Erik \u00f3r\u00e1j\u00e1r\u00f3l \u00e9n m\u00e1r Pesten vagyok :))) :DDDD!!!! <\/u>(20:27)<br \/><br \/>Kifizettem a k\u00e9t sulis p\u00f3l\u00f3t, meg a k\u00e9t nyakba akaszthat\u00f3 kulcstart\u00f3t, a pulcsit nem, mert az \"selejtes\". Nem is \u00e9rtem, de nekem j\u00f3 \u00edgy, nincs semmi ellenvet\u00e9sem, igaz\u00e1n.<br \/>A hazamenetelem el\u0151tt p\u00e1r nappal m\u00e9g be kell mennem az irod\u00e1ba, nem haszn\u00e1ltam t\u00fal sok anyagot itt, vagyis visszakaphatok a kezdetekkor befizetett p\u00e9nzb\u0151l valamennyit. Ha minden igaz. <br \/><br \/>Most m\u00e1r csak a haza\u00fatra k\u00f6lt\u00f6k. R\u00e1g\u00f3 a g\u00e9pre, kaka\u00f3 a vonatra. :) Reggel meg feltankolok a reggelib\u0151l (reggel, a reggelib\u0151l... v\u00e9g\u00fcl is logikus) ... feltankolok a 11 \u00f3r\u00e1s utaz\u00e1sra, amib\u0151l a t\u00e9nyleges utaz\u00e1s k\u00f6r\u00fclbel\u00fcl 5,5 \u00f3ra lesz. <b>Hamarosan!!!! :) :) :)<\/b><br \/><br \/>19:35<br \/><br \/>T\u00f6bb, mint egy \u00f3ra alatt v\u00e9gezt\u00fcnk h\u00e1rman. Most Maria nem tolta oda a k\u00e9p\u00e9t... nem tudom, ezt hogyan k\u00e9pzelik ez az emberek.&nbsp; Szerda este lesz\u00fcnk \u00fagy felosztva, hogy: \u00e9n (igen, magamat \u00edrtam el\u0151re), Bal\u00e1zs, D\u00e1vid \u00e9s Maria. \u00c9s, ha \u00e9n egyszer\u0171en nem is maradn\u00e9k? Ahogy most ez a venezuelai nagyk\u00e9p\u0171, felfuvalkodott liba??? Csak az\u00e9rt nem teszem meg, mert eb\u00e9dn\u00e9l majdnem ugyan\u00edgy lesz\u00fcnk, csak nem Maria&nbsp; a negyedik ember, hanem az amerikai Kristina \u00e9s \u00e9n a lehet\u0151 leghamarabb le fogok l\u00e9pni, mert megyek edzeni.<br \/><br \/>Am\u00fagy eddig nem is Sterpsilst szopogattam, hanem valami Sterpsent \u00e9s csak most estem neki a Strepsilsnek, amiben 1000 mg C-vitamin is van. Sz\u00f3val ma m\u00e1r van bennem 2000 mg. Rem\u00e9lem, ez nem baj. De ma m\u00e1r nem is veszek be t\u00f6bbet. :)<br \/><br \/>Jah, most, hogy bej\u00f6ttem az ablak nyitva, a f\u0171t\u00e9s pedig teljesen feltekerve. \u00c9s nem \u00e9n csin\u00e1ltam... Most mit lehet erre m\u00e1r reag\u00e1lni??? Magamban sz\u00e9tt\u00e1rt karokkal r\u00f6h\u00f6g\u00f6k, kicsit tehetetlen\u00fcl. Minek akkor a cirkusz? Nem baj, m\u00e1r csak tizenkett\u0151t kell aludni, illetve tizenegyet, mert a tizenkettedik \u00e9jszaka m\u00e1r a vonaton k\u00f6sz\u00f6nt r\u00e1m.<br \/><br \/><br \/><\/div>","type":"rich"}