{"version":"1.0","provider_name":"Kalandpr\u00f3ba D\u00e1ni\u00e1ban","provider_url":"https:\/\/kalandprobadaniaban.cafeblog.hu","author_name":"Blazsofka83","author_url":"https:\/\/kalandprobadaniaban.cafeblog.hu\/author\/blazsofka83\/","title":"23 nap...","html":"17:04<br \/><br \/><div>Rajzon \u00fajfent egym\u00e1snak \u00e1lltunk modellt, most azt\u00e1n j\u00f3csk\u00e1n behoztam a lemarad\u00e1st amiatt, hogy h\u00e9tf\u0151n nem perd\u00fcltem ki az ablak el\u00e9. Valahogy ott ragadtam vagy 30-35 percre. A v\u00e9g\u00e9re m\u00e1r nem is \u00e9reztem a bal l\u00e1bamat. Ilyen k\u00e9pek (is) sz\u00fclettek:<\/div><div><br \/><\/div><div><a href=\"http:\/\/1.bp.blogspot.com\/-OwSKNFjLY4Y\/UGxUo0eIzkI\/AAAAAAAAAts\/3sgLLMtuUAA\/s1600\/DSCN1428.JPG\" style=\"margin-left: 1em;margin-right: 1em\"><img border=\"0\" height=\"320\" src=\"http:\/\/1.bp.blogspot.com\/-OwSKNFjLY4Y\/UGxUo0eIzkI\/AAAAAAAAAts\/3sgLLMtuUAA\/s320\/DSCN1428.JPG\" width=\"240\" \/><\/a><\/div><div><br \/><\/div><div>Morten rajza, aki imm\u00e1r elhagyta a mank\u00f3j\u00e1t. Azt hiszem, m\u00e1sodik napja j\u00e1r-kel szabadon.<\/div><br \/><div><a href=\"http:\/\/1.bp.blogspot.com\/-7OgpY4UuGGg\/UGxUp01UpjI\/AAAAAAAAAt0\/njeLSI0WhS0\/s1600\/DSCN1430.JPG\" style=\"margin-left: 1em;margin-right: 1em\"><img border=\"0\" height=\"320\" src=\"http:\/\/1.bp.blogspot.com\/-7OgpY4UuGGg\/UGxUp01UpjI\/AAAAAAAAAt0\/njeLSI0WhS0\/s320\/DSCN1430.JPG\" width=\"240\" \/><\/a><\/div><div><br \/><\/div><div>A v\u00f6r\u00f6s rajza, Learke (az \"e\" ford\u00edtva van \u00e9s beleolvad az \"a\"-ba ... H\u00e1t, \u00e9\u00e9\u00e9\u00e9rted :) ?)<\/div><div><br \/><\/div><div>Fot\u00f3n meg ilyen is:<\/div><div><br \/><\/div><div><a href=\"http:\/\/2.bp.blogspot.com\/-JePeuIX67VU\/UGxU6iJVPzI\/AAAAAAAAAt8\/0O-wUaEstqE\/s1600\/135760_10151157310077973_616447872_o.jpg\" style=\"margin-left: 1em;margin-right: 1em\"><img border=\"0\" height=\"212\" src=\"http:\/\/2.bp.blogspot.com\/-JePeuIX67VU\/UGxU6iJVPzI\/AAAAAAAAAt8\/0O-wUaEstqE\/s320\/135760_10151157310077973_616447872_o.jpg\" width=\"320\" \/><\/a><\/div><br \/><div><\/div><br \/>P\u00e1ran reggeli ut\u00e1n elkerekeztek csapatot \u00e9p\u00edteni, ma este valami erd\u0151ben alszanak a szabadban, ki\u00e9lvezve a term\u00e9szet adta \u00f6r\u00f6m\u00f6ket \u00e9s az r\u00e1juk borul\u00f3 \u00e9g minden \u00e1ld\u00e1s\u00e1t. Eg\u00e9sz nap \u00e9p\u00edtik az egys\u00e9g szellem\u00e9t. Vannak aki cs\u00fct\u00f6rt\u00f6k\u00f6n mennek el Lengyelorsz\u00e1gba, ezek az emberek kedd este \u00e9rkeznek vissza. Olyan nyugalom lesz h\u00e9tv\u00e9g\u00e9n, hogy \u00f6r\u00f6m m\u00e1r csak belegondolni is. Most esik csak le a tantusz; SZABAD H\u00c9TF\u0150!!!<br \/><br \/><div>Steffen holnap nem lesz itt, a k\u00f3rus \u00edgy megint csak elmarad, ellenben az Eur\u00f3pai tanulm\u00e1nyokat Maria tartja, \u00fagyhogy kicsi sz\u00edvem el\u0151re repes a boldogs\u00e1gt\u00f3l. Erik eg\u00e9sz h\u00e9ten nincs itt, ennek mondjuk (nem sz\u00e9p dolog ide, vagy oda), valahol nagyon is \u00f6r\u00fcl\u00f6k.<\/div><div><br \/><\/div><div>A gyilkos torn\u00e1t teh\u00e1t kihagytam, persze megbesz\u00e9ltem Svend-del, akinek ezzel az \u00e9g vil\u00e1gon semmi baja nem volt. Azt\u00e1n mag\u00e1ban lehet, hogy m\u00e1st gondol. B\u00e1r szerintem neki \u00e9des mindegy, hogy 34 ember ugrabugr\u00e1l az \u00f3r\u00e1j\u00e1n, vagy 33... (csak \u00fagy mondtam k\u00e9t sz\u00e1mot). M\u00e1sk\u00fcl\u00f6nben egyel kevesebb lehet\u0151s\u00e9g arra, hogy a mank\u00f3t \u00fajra el\u0151vegy\u00e9k. M\u00e1r ami a mai \u00f3r\u00e1t illeti. A fot\u00f3nak r\u00e9g v\u00e9ge, m\u00e1r mindennel k\u00e9sz vagyok, ami ahhoz kell, hogy nyugodtan tudjam n\u00e9zni vacsi ut\u00e1n a skype-os pr\u00f3bak\u00f6zvet\u00edt\u00e9st.&nbsp;<\/div><div><br \/><\/div><div>Ma am\u00fagy bonyodalmak voltak, a f\u0151takar\u00edt\u00f3 n\u00e9ni (a fest\u0151s) negat\u00edv kritik\u00e1val illette a kedden takar\u00edt\u00f3 brancs munk\u00e1j\u00e1t. Ebbe most nem menn\u00e9k bele. Legyen el\u00e9g annyi, hogy egyes emberek szem\u00e9lyi higi\u00e9ni\u00e1ja m\u00e9g az \"elfogadhat\u00f3\" hat\u00e1r\u00e1t sem s\u00farolja. De mit v\u00e1rjon az ember ott, ahol m\u00e9g a WC spray-t sem ismerik?! A WC-kef\u00e9nek pedig m\u00e9g mindig nem mutatkoztak be egy n\u00e9h\u00e1nyan. A v\u00f6r\u00f6sre is gondolok, aki egyre t\u00f6bb embernek van a begy\u00e9ben s akivel (min\u0151 \u00f6r\u00f6m \u00e9s boldogs\u00e1g), j\u00f6v\u0151 kedden a kisebb mell\u00e9khelyis\u00e9get takar\u00edtjuk. Mi lesz a r\u00e1k\u00f6vetkez\u0151 alkalommal, mikor a n\u0151i zuhanyz\u00f3 lesz a mi\u00e9nk; 5 kabin, 2 WC, 2 csap, h\u00e1rom t\u00fck\u00f6r. No, mindegy, 'amm\u00e9g messze van. K\u00fcl\u00f6nben is h\u00e1rom napra r\u00e1 megyek haza. Haza! M\u00e1r megrendeltem \u00e9desany\u00e1mn\u00e1l a men\u00fct eg\u00e9sz h\u00e9tre :)! Kiv\u00e1ltk\u00e9pp a sz\u00fclinapomra :)... ha minden igaz \u00e9s, amennyiben \u00f6sszej\u00f6n, lesz <b>A<\/b> k\u00f6z\u00f6s buli is. Majd mondom is Barbinak, hogy azt a h\u00edres kevert valamij\u00e9t, amit csak \u0151 tud, \u00e9s \u0151k\u00edv\u00fcle senki m\u00e1s, m\u00e9g meg kell k\u00f3stoltam, pedig m\u00e9g a m\u00falt \u00e9vad kezdetekor be\u00edg\u00e9rte nekem \u00e9s eddig elmaradt. No, de majd most :)! Az \u0151 sz\u00fclinapja is :)!<br \/><br \/>21:00<br \/><br \/>Ma nincs pr\u00f3ba n\u00e9z\u00e9s, ellenben Keresztanyuk\u00e1mmal is tudtam&nbsp; besz\u00e9lni, nem csak \u00c9dessel :).<br \/><br \/><\/div>","type":"rich"}